{"id":6,"date":"2022-03-07T12:58:56","date_gmt":"2022-03-07T12:58:56","guid":{"rendered":"https:\/\/meinschlafen.ch\/?page_id=6"},"modified":"2025-06-20T10:44:46","modified_gmt":"2025-06-20T10:44:46","slug":"shop","status":"publish","type":"page","link":"https:\/\/meinschlafen.ch\/?page_id=6","title":{"rendered":"Shop Erdungs-Auflagen"},"content":{"rendered":"<p>[et_pb_section fb_built=&#8220;1&#8243; _builder_version=&#8220;4.27.4&#8243; _module_preset=&#8220;default&#8220; background_color=&#8220;rgba(146,175,146,0.97)&#8220; background_enable_image=&#8220;off&#8220; custom_padding=&#8220;||2px|||&#8220; global_colors_info=&#8220;{}&#8220;][et_pb_row _builder_version=&#8220;4.27.0&#8243; _module_preset=&#8220;default&#8220; width=&#8220;88%&#8220; width_tablet=&#8220;88%&#8220; width_phone=&#8220;88%&#8220; width_last_edited=&#8220;on|phone&#8220; max_width=&#8220;1337px&#8220; max_width_tablet=&#8220;1337px&#8220; max_width_phone=&#8220;1337px&#8220; max_width_last_edited=&#8220;on|tablet&#8220; module_alignment=&#8220;center&#8220; global_colors_info=&#8220;{}&#8220;][et_pb_column type=&#8220;4_4&#8243; _builder_version=&#8220;4.16&#8243; _module_preset=&#8220;default&#8220; global_colors_info=&#8220;{}&#8220;][et_pb_text content_tablet=&#8220;<\/p>\n<h4>Bestellen Sie hier die Erdungs-Auflage Ihrer Wahl<\/h4>\n<\/p>\n<p>Nur die Erdungsauflage k\u00f6nnen Sie von mir per Post zugestellt bekommen, weil diese keine Beratung oder Einrichtung von Ort ben\u00f6tigt.<\/p>\n<p>Wenn Sie eine Matratze oder Topper m\u00f6chten, bekommen Sie in jedem Fall vorausgehend eine Beratung, damit Sie von Anfang an das Richtige f\u00fcr Sich haben und damit Geld sparen.<\/p>\n<p>Nehmen Sie mit mir Kontakt auf oder bestellen Sie online.<\/p>\n<p>&#8220; content_phone=&#8220;<\/p>\n<h4>Bestellen Sie hier die Erdungs-Auflage Ihrer Wahl<\/h4>\n<\/p>\n<p>Nur die Erdungsauflage k\u00f6nnen Sie von mir per Post zugestellt bekommen, weil diese keine Beratung oder Einrichtung von Ort ben\u00f6tigt.<\/p>\n<p>Wenn Sie eine Matratze oder Topper m\u00f6chten, bekommen Sie in jedem Fall vorausgehend eine Beratung, damit Sie von Anfang an das Richtige f\u00fcr Sich haben und damit Geld sparen.<\/p>\n<p>Nehmen Sie mit mir Kontakt auf oder bestellen Sie online.<\/p>\n<p>&#8220; content_last_edited=&#8220;on|phone&#8220; _builder_version=&#8220;4.27.0&#8243; _module_preset=&#8220;default&#8220; text_font=&#8220;Alegreya Sans||||||||&#8220; text_font_size=&#8220;28px&#8220; text_line_height=&#8220;1.4em&#8220; header_3_font=&#8220;Alegreya Sans|600|||||||&#8220; header_3_text_align=&#8220;center&#8220; header_3_text_color=&#8220;#FFFFFF&#8220; header_3_font_size=&#8220;29px&#8220; header_4_font=&#8220;Alegreya Sans||||||||&#8220; header_4_text_color=&#8220;#000000&#8243; header_4_font_size=&#8220;38px&#8220; header_4_line_height=&#8220;1.4em&#8220; text_orientation=&#8220;center&#8220; global_colors_info=&#8220;{}&#8220;]<\/p>\n<h4>Bestellen Sie hier die Erdungs-Auflage Ihrer Wahl<\/h4>\n<p>&nbsp;<\/p>\n<p>Nur die Erdungsauflage k\u00f6nnen Sie von mir per Post zugestellt bekommen, weil diese keine Beratung oder Einrichtung von Ort ben\u00f6tigt.<\/p>\n<p>Wenn Sie eine Matratze oder Topper m\u00f6chten, bekommen Sie in jedem Fall vorausgehend eine Beratung, damit Sie von Anfang an das Richtige f\u00fcr Sich haben und damit Geld sparen.<\/p>\n<p>Nehmen Sie mit mir Kontakt auf oder bestellen Sie per mail.<\/p>\n<h3><\/h3>\n<p>[\/et_pb_text][\/et_pb_column][\/et_pb_row][\/et_pb_section][et_pb_section fb_built=&#8220;1&#8243; _builder_version=&#8220;4.23.1&#8243; _module_preset=&#8220;default&#8220; global_colors_info=&#8220;{}&#8220;][et_pb_row column_structure=&#8220;1_2,1_2&#8243; _builder_version=&#8220;4.23.1&#8243; _module_preset=&#8220;default&#8220; global_colors_info=&#8220;{}&#8220;][et_pb_column type=&#8220;1_2&#8243; _builder_version=&#8220;4.23.1&#8243; _module_preset=&#8220;default&#8220; global_colors_info=&#8220;{}&#8220;][et_pb_image src=&#8220;https:\/\/meinschlafen.ch\/wp-content\/uploads\/2022\/03\/sitzauflage-neutral_1.png&#8220; title_text=&#8220;sitzauflage neutral_1&#8243; _builder_version=&#8220;4.27.0&#8243; _module_preset=&#8220;default&#8220; global_colors_info=&#8220;{}&#8220;][\/et_pb_image][\/et_pb_column][et_pb_column type=&#8220;1_2&#8243; _builder_version=&#8220;4.23.1&#8243; _module_preset=&#8220;default&#8220; global_colors_info=&#8220;{}&#8220;][et_pb_pricing_tables _builder_version=&#8220;4.27.4&#8243; _module_preset=&#8220;default&#8220; background_enable_color=&#8220;off&#8220; global_colors_info=&#8220;{}&#8220;][et_pb_pricing_table title=&#8220;Sitzerdungsauflage&#8220; subtitle=&#8220;Preis pro St\u00fcck&#8220; currency=&#8220;CHF&#8220; sum=&#8220;301.-&#8220; _builder_version=&#8220;4.27.4&#8243; _module_preset=&#8220;default&#8220; price_text_color=&#8220;#E02B20&#8243; header_level=&#8220;h2&#8243; body_text_color=&#8220;#000000&#8243; price_font_size=&#8220;60px&#8220; background_color=&#8220;#e5e5e5&#8243; background_enable_color=&#8220;on&#8220; global_colors_info=&#8220;{}&#8220; sticky_transition=&#8220;on&#8220;]<\/p>\n<p style=\"font-weight: 400;\">Lyocell Bezug, Waschbar bis 60\u00b0C. Verbindungsdraht 2.5 meter.<\/p>\n<p style=\"font-weight: 400;\">Ideal f\u00fcr jede Art von Stuhl da sie sehr flexibel ist.<\/p>\n<p>[\/et_pb_pricing_table][et_pb_pricing_table title=&#8220;Preis pro St\u00fcck &#8220; subtitle=&#8220;ab 10 St\u00fcck \/ Bestellung&#8220; currency=&#8220;CHF&#8220; sum=&#8220;219.-&#8220; _builder_version=&#8220;4.27.4&#8243; _module_preset=&#8220;default&#8220; price_text_color=&#8220;#E02B20&#8243; body_text_color=&#8220;#000000&#8243; price_font_size=&#8220;60px&#8220; background_color=&#8220;#e5e5e5&#8243; background_enable_color=&#8220;on&#8220; global_colors_info=&#8220;{}&#8220; sticky_transition=&#8220;on&#8220;]<\/p>\n<p>F\u00fcr Unternehmen ideal welche f\u00fcr ihre Mitarbeiter gr\u00f6ssere Mengen bestellen.<\/p>\n<p>[\/et_pb_pricing_table][\/et_pb_pricing_tables][\/et_pb_column][\/et_pb_row][et_pb_row column_structure=&#8220;1_2,1_2&#8243; _builder_version=&#8220;4.23.1&#8243; _module_preset=&#8220;default&#8220; global_colors_info=&#8220;{}&#8220;][et_pb_column type=&#8220;1_2&#8243; _builder_version=&#8220;4.23.1&#8243; _module_preset=&#8220;default&#8220; global_colors_info=&#8220;{}&#8220;][et_pb_video src=&#8220;https:\/\/meinschlafen.ch\/wp-content\/uploads\/2023\/02\/Elektrosmog-klein.mp4&#8243; image_src=&#8220;https:\/\/meinschlafen.ch\/wp-content\/uploads\/2024\/09\/ein-radiosendermast-auf-einer-bergspitze-geseen-v-ID5363.png&#8220; _builder_version=&#8220;4.27.0&#8243; _module_preset=&#8220;default&#8220; global_colors_info=&#8220;{}&#8220;][\/et_pb_video][\/et_pb_column][et_pb_column type=&#8220;1_2&#8243; _builder_version=&#8220;4.23.1&#8243; _module_preset=&#8220;default&#8220; global_colors_info=&#8220;{}&#8220;][et_pb_pricing_tables _builder_version=&#8220;4.27.4&#8243; _module_preset=&#8220;default&#8220; global_colors_info=&#8220;{}&#8220;][et_pb_pricing_table title=&#8220;Bett-Erdungsauflagen&#8220; subtitle=&#8220;Preis pro St\u00fcck&#8220; currency=&#8220;CHF&#8220; sum=&#8220;1239.-&#8220; _builder_version=&#8220;4.27.4&#8243; _module_preset=&#8220;default&#8220; price_text_color=&#8220;#E02B20&#8243; body_text_color=&#8220;#000000&#8243; price_font_size=&#8220;60px&#8220; background_color=&#8220;#e5e5e5&#8243; background_enable_color=&#8220;on&#8220; global_colors_info=&#8220;{}&#8220; sticky_transition=&#8220;on&#8220;]<\/p>\n<p>80\/90&#215;200 cm<\/p>\n<p>Drahtl\u00e4nge: 250 cm<\/p>\n<p>[\/et_pb_pricing_table][et_pb_pricing_table title=&#8220;Bett-Erdungsauflagen&#8220; subtitle=&#8220;Preis pro St\u00fcck&#8220; currency=&#8220;CHF&#8220; sum=&#8220;1341.-&#8220; _builder_version=&#8220;4.27.4&#8243; _module_preset=&#8220;default&#8220; price_text_color=&#8220;#E02B20&#8243; body_text_color=&#8220;#000000&#8243; price_font_size=&#8220;60px&#8220; background_color=&#8220;#e5e5e5&#8243; background_enable_color=&#8220;on&#8220; global_colors_info=&#8220;{}&#8220; sticky_transition=&#8220;on&#8220;]<\/p>\n<p>100&#215;200 cm<\/p>\n<p>Drahtl\u00e4nge: 250 cm<\/p>\n<p>[\/et_pb_pricing_table][et_pb_pricing_table title=&#8220;Bett-Erdungsauflagen&#8220; subtitle=&#8220;Preis pro St\u00fcck&#8220; currency=&#8220;CHF&#8220; sum=&#8220;1659.-&#8220; _builder_version=&#8220;4.27.4&#8243; _module_preset=&#8220;default&#8220; price_text_color=&#8220;#E02B20&#8243; body_text_color=&#8220;#000000&#8243; price_font_size=&#8220;60px&#8220; background_color=&#8220;#e5e5e5&#8243; background_enable_color=&#8220;on&#8220; global_colors_info=&#8220;{}&#8220; sticky_transition=&#8220;on&#8220;]<\/p>\n<p>120&#215;200 cm<\/p>\n<p>Drahtl\u00e4nge: 250 cm<\/p>\n<p>[\/et_pb_pricing_table][et_pb_pricing_table title=&#8220;Bett-Erdungsauflagen&#8220; subtitle=&#8220;Preis pro St\u00fcck&#8220; currency=&#8220;CHF&#8220; sum=&#8220;2069.-&#8220; _builder_version=&#8220;4.27.4&#8243; _module_preset=&#8220;default&#8220; price_text_color=&#8220;#E02B20&#8243; body_text_color=&#8220;#000000&#8243; price_font_size=&#8220;60px&#8220; background_color=&#8220;#e5e5e5&#8243; background_enable_color=&#8220;on&#8220; global_colors_info=&#8220;{}&#8220; sticky_transition=&#8220;on&#8220;]<\/p>\n<p>140&#215;200 cm<\/p>\n<p>Drahtl\u00e4nge: 250 cm<\/p>\n<p>[\/et_pb_pricing_table][et_pb_pricing_table title=&#8220;Bett-Erdungsauflagen&#8220; subtitle=&#8220;Preis pro St\u00fcck&#8220; currency=&#8220;CHF&#8220; sum=&#8220;2169.-&#8220; _builder_version=&#8220;4.27.4&#8243; _module_preset=&#8220;default&#8220; price_text_color=&#8220;#E02B20&#8243; body_text_color=&#8220;#000000&#8243; price_font_size=&#8220;60px&#8220; background_color=&#8220;#e5e5e5&#8243; background_enable_color=&#8220;on&#8220; global_colors_info=&#8220;{}&#8220; sticky_transition=&#8220;on&#8220;]<\/p>\n<p>160&#215;200 cm<\/p>\n<p>Drahtl\u00e4nge: 250 cm<\/p>\n<p>[\/et_pb_pricing_table][et_pb_pricing_table title=&#8220;Bett-Erdungsauflagen&#8220; subtitle=&#8220;Preis pro St\u00fcck&#8220; currency=&#8220;CHF&#8220; sum=&#8220;2289.-&#8220; _builder_version=&#8220;4.27.4&#8243; _module_preset=&#8220;default&#8220; price_text_color=&#8220;#E02B20&#8243; body_text_color=&#8220;#000000&#8243; price_font_size=&#8220;60px&#8220; background_color=&#8220;#e5e5e5&#8243; background_enable_color=&#8220;on&#8220; global_colors_info=&#8220;{}&#8220; sticky_transition=&#8220;on&#8220;]<\/p>\n<p>180&#215;200 cm<\/p>\n<p>Drahtl\u00e4nge: 250 cm<\/p>\n<p>[\/et_pb_pricing_table][\/et_pb_pricing_tables][\/et_pb_column][\/et_pb_row][et_pb_row _builder_version=&#8220;4.27.4&#8243; _module_preset=&#8220;default&#8220; background_color=&#8220;rgba(146,175,146,0.97)&#8220; width=&#8220;100%&#8220; max_width=&#8220;2560px&#8220; module_alignment=&#8220;center&#8220; global_colors_info=&#8220;{}&#8220;][et_pb_column type=&#8220;4_4&#8243; _builder_version=&#8220;4.27.0&#8243; _module_preset=&#8220;default&#8220; global_colors_info=&#8220;{}&#8220;][\/et_pb_column][\/et_pb_row][et_pb_row _builder_version=&#8220;4.23.1&#8243; _module_preset=&#8220;default&#8220; global_colors_info=&#8220;{}&#8220;][et_pb_column type=&#8220;4_4&#8243; _builder_version=&#8220;4.23.1&#8243; _module_preset=&#8220;default&#8220; global_colors_info=&#8220;{}&#8220;][et_pb_text _builder_version=&#8220;4.27.0&#8243; _module_preset=&#8220;default&#8220; header_4_line_height=&#8220;1.4em&#8220; global_colors_info=&#8220;{}&#8220;]<\/p>\n<h4><strong>Bestellen Sie bitte per Mail auf<span class=\"apple-converted-space\" style=\"color: #333399;\"> <\/span><a href=\"mailto:meinschlafeninfo@gmail.com\"><span style=\"color: #333399;\">meinschlafeninfo@gmail.com<\/span> <\/a><\/strong><span><strong>und geben Sie dort die Gr\u00f6sse und Lieferadresse an.\u00a0<\/strong><o:p><\/o:p><\/span><\/h4>\n<h4><span>Die Vorauszahlung k\u00f6nnen Sie \u00fcber die Bankverbindung, Twint oder Paypal machen.<o:p><\/o:p><\/span><\/h4>\n<h4><span>Nach Zahlungseingang dauert die Lieferung ca. 2-3 Wochen.<o:p><\/o:p><\/span><\/h4>\n<h4><span>Sie bekommen nach der Einzahlung eine Best\u00e4tigungsmail von uns.<\/span><\/h4>\n<p>[\/et_pb_text][\/et_pb_column][\/et_pb_row][et_pb_row column_structure=&#8220;1_2,1_2&#8243; _builder_version=&#8220;4.23.1&#8243; _module_preset=&#8220;default&#8220; global_colors_info=&#8220;{}&#8220;][et_pb_column type=&#8220;1_2&#8243; _builder_version=&#8220;4.23.1&#8243; _module_preset=&#8220;default&#8220; global_colors_info=&#8220;{}&#8220;][et_pb_text _builder_version=&#8220;4.27.0&#8243; _module_preset=&#8220;default&#8220; header_4_line_height=&#8220;1.4em&#8220; global_colors_info=&#8220;{}&#8220;]<\/p>\n<h4><strong>Bank\u00fcberweisung:<\/strong><\/h4>\n<h4 style=\"font-weight: 400;\">Walter Urs Schmid<\/h4>\n<h4 style=\"font-weight: 400;\">8604 Volketswil<\/h4>\n<h4 style=\"font-weight: 400;\">IBAN: CH03 0070 0114 8029 6351 1<\/h4>\n<p>[\/et_pb_text][et_pb_text _builder_version=&#8220;4.27.0&#8243; _module_preset=&#8220;default&#8220; header_font=&#8220;Alegreya Sans||||||||&#8220; header_4_line_height=&#8220;1.4em&#8220; header_font_size_last_edited=&#8220;off|desktop&#8220; global_colors_info=&#8220;{}&#8220;]<\/p>\n<h4><strong>Paypal \u00dcberweisung:<\/strong><\/h4>\n<h4><a href=\"mailto:uwsmanagement@gmail.com\">uwsmanagement@gmail.com<\/a><\/h4>\n<h4>Bitte Ihre Angaben mitteilen, Gr\u00f6sse der Erdungsauflage und Zustelladresse<\/h4>\n<p>[\/et_pb_text][\/et_pb_column][et_pb_column type=&#8220;1_2&#8243; _builder_version=&#8220;4.23.1&#8243; _module_preset=&#8220;default&#8220; global_colors_info=&#8220;{}&#8220;][et_pb_text _builder_version=&#8220;4.27.0&#8243; _module_preset=&#8220;default&#8220; text_font=&#8220;Alegreya Sans||||||||&#8220; text_font_size=&#8220;22px&#8220; global_colors_info=&#8220;{}&#8220; min_height=&#8220;25px&#8220;]<\/p>\n<p>Bequem \u00fcber Twint bezahlen<\/p>\n<p>[\/et_pb_text][et_pb_code _builder_version=&#8220;4.27.4&#8243; _module_preset=&#8220;default&#8220; hover_enabled=&#8220;0&#8243; sticky_enabled=&#8220;0&#8243;]<button style=\"width: auto; height: 58px;<!-- [et_pb_line_break_holder] -->border-radius: 6px;<!-- [et_pb_line_break_holder] -->display: flex;<!-- [et_pb_line_break_holder] -->justify-content: center;<!-- [et_pb_line_break_holder] -->cursor: pointer;<!-- [et_pb_line_break_holder] -->background-color: transparent;<!-- [et_pb_line_break_holder] -->border: none;<!-- [et_pb_line_break_holder] -->align-items: center;&#8220; onclick=&#8220;window.open(&#8218;https:\/\/go.twint.ch\/1\/e\/tw?tw=acq.xWLDVPD2RkCjMItJM4BytNx0pLboN8Cd3Cl8BKK6lF3cz-SHAZvHlkOmEuAwWcB2.&#8216;, &#8218;_blank&#8216;)&#8220;<!-- [et_pb_line_break_holder] -->><!-- [et_pb_line_break_holder] --><img decoding=\"async\" style=\"width: auto; height: 58px\" alt=\"Embedded TWINT button\" src=\"https:\/\/go.twint.ch\/static\/img\/button_dark_en.svg\"\/><\/button>[\/et_pb_code][\/et_pb_column][\/et_pb_row][\/et_pb_section][et_pb_section fb_built=&#8220;1&#8243; _builder_version=&#8220;4.27.4&#8243; _module_preset=&#8220;default&#8220; background_color=&#8220;rgba(146,175,146,0.97)&#8220; global_colors_info=&#8220;{}&#8220;][\/et_pb_section][et_pb_section fb_built=&#8220;1&#8243; admin_label=&#8220;Fusszeile&#8220; _builder_version=&#8220;4.27.4&#8243; _module_preset=&#8220;default&#8220; background_color=&#8220;#232323&#8243; module_alignment=&#8220;center&#8220; height=&#8220;235px&#8220; height_tablet=&#8220;&#8220; height_phone=&#8220;&#8220; height_last_edited=&#8220;on|tablet&#8220; custom_margin=&#8220;-2px|||||&#8220; custom_padding=&#8220;||93px|||&#8220; global_module=&#8220;274&#8243; saved_tabs=&#8220;all&#8220; global_colors_info=&#8220;{}&#8220;][et_pb_row column_structure=&#8220;1_6,1_6,1_6,1_6,1_6,1_6&#8243; _builder_version=&#8220;4.16&#8243; _module_preset=&#8220;default&#8220; global_colors_info=&#8220;{}&#8220;][et_pb_column type=&#8220;1_6&#8243; _builder_version=&#8220;4.16&#8243; _module_preset=&#8220;default&#8220; global_colors_info=&#8220;{}&#8220;][et_pb_image src=&#8220;https:\/\/meinschlafen.ch\/wp-content\/uploads\/2022\/11\/meinschlafen-logo-gold.png&#8220; title_text=&#8220;meinschlafen logo gold&#8220; _builder_version=&#8220;4.19.4&#8243; _module_preset=&#8220;default&#8220; background_color=&#8220;#000000&#8243; border_color_all=&#8220;#000000&#8243; global_colors_info=&#8220;{}&#8220;][\/et_pb_image][\/et_pb_column][et_pb_column type=&#8220;1_6&#8243; _builder_version=&#8220;4.16&#8243; _module_preset=&#8220;default&#8220; global_colors_info=&#8220;{}&#8220;][et_pb_text _builder_version=&#8220;4.27.0&#8243; _module_preset=&#8220;default&#8220; text_text_color=&#8220;#c4c4c4&#8243; text_orientation=&#8220;center&#8220; global_colors_info=&#8220;{}&#8220;]<\/p>\n<p><a href=\"https:\/\/meinschlafen.ch\/?page_id=232\">GDPR data protection<\/a><\/p>\n<p>[\/et_pb_text][\/et_pb_column][et_pb_column type=&#8220;1_6&#8243; _builder_version=&#8220;4.16&#8243; _module_preset=&#8220;default&#8220; global_colors_info=&#8220;{}&#8220;][et_pb_text admin_label=&#8220;Text&#8220; _builder_version=&#8220;4.16&#8243; _dynamic_attributes=&#8220;link_option_url&#8220; _module_preset=&#8220;default&#8220; text_text_color=&#8220;#c4c4c4&#8243; text_orientation=&#8220;center&#8220; link_option_url=&#8220;@ET-DC@eyJkeW5hbWljIjp0cnVlLCJjb250ZW50IjoicG9zdF9saW5rX3VybF9wYWdlIiwic2V0dGluZ3MiOnsicG9zdF9pZCI6IjQ1MCJ9fQ==@&#8220; global_colors_info=&#8220;{}&#8220;]<\/p>\n<p><a href=\"https:\/\/meinschlafen.ch\/?page_id=450\">Disclaimer<\/a><\/p>\n<p>[\/et_pb_text][et_pb_text _builder_version=&#8220;4.27.4&#8243; _module_preset=&#8220;default&#8220; global_colors_info=&#8220;{}&#8220;]<\/p>\n<p style=\"text-align: center;\"><a href=\"https:\/\/meinschlafen.ch\/?page_id=2426\">AGB&#8217;s<\/a><\/p>\n<p>[\/et_pb_text][\/et_pb_column][et_pb_column type=&#8220;1_6&#8243; _builder_version=&#8220;4.16&#8243; _module_preset=&#8220;default&#8220; global_colors_info=&#8220;{}&#8220;][et_pb_text _builder_version=&#8220;4.16&#8243; _module_preset=&#8220;default&#8220; text_text_color=&#8220;#c4c4c4&#8243; text_orientation=&#8220;center&#8220; global_colors_info=&#8220;{}&#8220;]<\/p>\n<p><a href=\"https:\/\/meinschlafen.ch\/?page_id=244\">Impressum<\/a><\/p>\n<p>[\/et_pb_text][et_pb_text admin_label=&#8220;Text&#8220; _builder_version=&#8220;4.16&#8243; _module_preset=&#8220;default&#8220; text_text_color=&#8220;#c4c4c4&#8243; text_orientation=&#8220;center&#8220; global_colors_info=&#8220;{}&#8220;]<\/p>\n<p><a href=\"https:\/\/meinschlafen.ch\/?page_id=23\">\u00dcber uns<\/a><\/p>\n<p>[\/et_pb_text][\/et_pb_column][et_pb_column type=&#8220;1_6&#8243; _builder_version=&#8220;4.16&#8243; _module_preset=&#8220;default&#8220; global_colors_info=&#8220;{}&#8220;][\/et_pb_column][et_pb_column type=&#8220;1_6&#8243; _builder_version=&#8220;4.16&#8243; _module_preset=&#8220;default&#8220; global_colors_info=&#8220;{}&#8220;][et_pb_text _builder_version=&#8220;4.16&#8243; _module_preset=&#8220;default&#8220; text_text_color=&#8220;#c4c4c4&#8243; text_orientation=&#8220;center&#8220; global_colors_info=&#8220;{}&#8220;]<\/p>\n<p><a href=\"https:\/\/meinschlafen.ch\/?page_id=36\">Kontakt<\/a><\/p>\n<p>[\/et_pb_text][\/et_pb_column][\/et_pb_row][\/et_pb_section]<\/p>\n","protected":false},"excerpt":{"rendered":"<p>Bestellen Sie hier die Erdungs-Auflage Ihrer Wahl &nbsp; Nur die Erdungsauflage k\u00f6nnen Sie von mir per Post zugestellt bekommen, weil diese keine Beratung oder Einrichtung von Ort ben\u00f6tigt. Wenn Sie eine Matratze oder Topper m\u00f6chten, bekommen Sie in jedem Fall vorausgehend eine Beratung, damit Sie von Anfang an das Richtige f\u00fcr Sich haben und damit [&hellip;]<\/p>\n","protected":false},"author":1,"featured_media":0,"parent":0,"menu_order":0,"comment_status":"closed","ping_status":"closed","template":"","meta":{"_et_pb_use_builder":"on","_et_pb_old_content":"","_et_gb_content_width":"","footnotes":""},"class_list":["post-6","page","type-page","status-publish","hentry"],"_links":{"self":[{"href":"https:\/\/meinschlafen.ch\/index.php?rest_route=\/wp\/v2\/pages\/6","targetHints":{"allow":["GET"]}}],"collection":[{"href":"https:\/\/meinschlafen.ch\/index.php?rest_route=\/wp\/v2\/pages"}],"about":[{"href":"https:\/\/meinschlafen.ch\/index.php?rest_route=\/wp\/v2\/types\/page"}],"author":[{"embeddable":true,"href":"https:\/\/meinschlafen.ch\/index.php?rest_route=\/wp\/v2\/users\/1"}],"replies":[{"embeddable":true,"href":"https:\/\/meinschlafen.ch\/index.php?rest_route=%2Fwp%2Fv2%2Fcomments&post=6"}],"version-history":[{"count":84,"href":"https:\/\/meinschlafen.ch\/index.php?rest_route=\/wp\/v2\/pages\/6\/revisions"}],"predecessor-version":[{"id":2748,"href":"https:\/\/meinschlafen.ch\/index.php?rest_route=\/wp\/v2\/pages\/6\/revisions\/2748"}],"wp:attachment":[{"href":"https:\/\/meinschlafen.ch\/index.php?rest_route=%2Fwp%2Fv2%2Fmedia&parent=6"}],"curies":[{"name":"wp","href":"https:\/\/api.w.org\/{rel}","templated":true}]}}