{"id":49,"date":"2022-03-07T13:34:42","date_gmt":"2022-03-07T13:34:42","guid":{"rendered":"https:\/\/meinschlafen.ch\/?page_id=49"},"modified":"2025-04-16T13:28:39","modified_gmt":"2025-04-16T13:28:39","slug":"kooperationen","status":"publish","type":"page","link":"https:\/\/meinschlafen.ch\/?page_id=49","title":{"rendered":"Kooperationen"},"content":{"rendered":"<p>[et_pb_section fb_built=&#8220;1&#8243; fullwidth=&#8220;on&#8220; _builder_version=&#8220;4.27.4&#8243; background_image=&#8220;https:\/\/meinschlafen.ch\/wp-content\/uploads\/2023\/02\/pexels-pixabay-39621.jpg&#8220; parallax=&#8220;on&#8220; bottom_divider_color=&#8220;rgba(175,175,175,0.71)&#8220; bottom_divider_flip=&#8220;horizontal&#8220; hover_enabled=&#8220;0&#8243; global_colors_info=&#8220;{}&#8220; filter_hue_rotate=&#8220;64deg&#8220; filter_saturate=&#8220;59%&#8220; sticky_enabled=&#8220;0&#8243;][et_pb_fullwidth_header title=&#8220;Kooperationen&#8220; text_orientation=&#8220;center&#8220; background_overlay_color=&#8220;rgba(0,0,0,0.29)&#8220; logo_image_url=&#8220;https:\/\/meinschlafen.ch\/wp-content\/uploads\/2022\/11\/meinschlafen-logo-gold_a.png&#8220; _builder_version=&#8220;4.27.4&#8243; title_font=&#8220;Alegreya Sans|700|||||||&#8220; title_font_size=&#8220;70px&#8220; title_line_height=&#8220;1.4em&#8220; content_font=&#8220;Alegreya Sans||||||||&#8220; content_text_align=&#8220;center&#8220; content_font_size=&#8220;32px&#8220; content_line_height=&#8220;1.4em&#8220; subhead_font=&#8220;Lato|700|||||||&#8220; subhead_font_size=&#8220;25px&#8220; subhead_line_height=&#8220;1.5em&#8220; background_color=&#8220;rgba(238,169,93,0.65)&#8220; background_enable_image=&#8220;off&#8220; parallax=&#8220;on&#8220; parallax_method=&#8220;on&#8220; custom_margin=&#8220;|||&#8220; custom_padding=&#8220;5vw||150px||false&#8220; animation_style=&#8220;slide&#8220; animation_direction=&#8220;top&#8220; animation_intensity_slide=&#8220;2%&#8220; title_font_size_tablet=&#8220;36px&#8220; title_font_size_phone=&#8220;&#8220; title_font_size_last_edited=&#8220;on|phone&#8220; global_colors_info=&#8220;{}&#8220; button_one_text_size__hover_enabled=&#8220;off&#8220; button_two_text_size__hover_enabled=&#8220;off&#8220; button_one_text_color__hover_enabled=&#8220;off&#8220; button_two_text_color__hover_enabled=&#8220;off&#8220; button_one_border_width__hover_enabled=&#8220;off&#8220; button_two_border_width__hover_enabled=&#8220;off&#8220; button_one_border_color__hover_enabled=&#8220;off&#8220; button_two_border_color__hover_enabled=&#8220;off&#8220; button_one_border_radius__hover_enabled=&#8220;off&#8220; button_two_border_radius__hover_enabled=&#8220;off&#8220; button_one_letter_spacing__hover_enabled=&#8220;off&#8220; button_two_letter_spacing__hover_enabled=&#8220;off&#8220; button_one_bg_color__hover_enabled=&#8220;off&#8220; button_two_bg_color__hover_enabled=&#8220;off&#8220;]<\/p>\n<p>Nur durch Teamorientierte Kooperationen k\u00f6nnen aussergew\u00f6hnliche Erfolge geschaffen werden!<\/p>\n<p><a href=\"https:\/\/meinschlafen.ch\/?page_id=2504\">&#8222;Liste aller Physiotherapeuten, Masseure und mehr&#8220;<\/a><\/p>\n<p>[\/et_pb_fullwidth_header][\/et_pb_section][et_pb_section fb_built=&#8220;1&#8243; admin_label=&#8220;Quote&#8220; _builder_version=&#8220;4.19.4&#8243; background_enable_color=&#8220;off&#8220; background_enable_image=&#8220;off&#8220; custom_margin=&#8220;45px|||||&#8220; custom_padding=&#8220;0px||60px||false|&#8220; bottom_divider_flip=&#8220;horizontal&#8220; global_colors_info=&#8220;{}&#8220;][et_pb_row _builder_version=&#8220;4.16&#8243; global_colors_info=&#8220;{}&#8220;][et_pb_column type=&#8220;4_4&#8243; _builder_version=&#8220;4.16&#8243; custom_padding=&#8220;|||&#8220; global_colors_info=&#8220;{}&#8220; custom_padding__hover=&#8220;|||&#8220;][et_pb_text _builder_version=&#8220;4.19.4&#8243; text_font=&#8220;Caveat|700|||||||&#8220; text_text_color=&#8220;#282828&#8243; text_font_size=&#8220;47px&#8220; text_line_height=&#8220;1.5em&#8220; header_font=&#8220;||||||||&#8220; text_orientation=&#8220;center&#8220; max_width=&#8220;800px&#8220; module_alignment=&#8220;center&#8220; text_font_size_tablet=&#8220;36px&#8220; text_font_size_phone=&#8220;26px&#8220; text_font_size_last_edited=&#8220;on|phone&#8220; global_colors_info=&#8220;{}&#8220;]<\/p>\n<p>Nicht wer alleine den Erfolg sucht, findet ihn, sondern derjenige, der den Erfolg durch Kooperationen, Teamwork \u00a0und Willenskraft erarbeitet.<\/p>\n<p>[\/et_pb_text][\/et_pb_column][\/et_pb_row][\/et_pb_section][et_pb_section fb_built=&#8220;1&#8243; admin_label=&#8220;About Me&#8220; _builder_version=&#8220;4.27.4&#8243; background_color=&#8220;rgba(146,175,146,0.97)&#8220; background_enable_image=&#8220;off&#8220; custom_padding=&#8220;||150px||false|false&#8220; bottom_divider_color=&#8220;#232323&#8243; bottom_divider_flip=&#8220;horizontal&#8220; hover_enabled=&#8220;0&#8243; global_colors_info=&#8220;{}&#8220; sticky_enabled=&#8220;0&#8243;][et_pb_row column_structure=&#8220;1_2,1_2&#8243; _builder_version=&#8220;4.27.0&#8243; background_color=&#8220;rgba(237,237,237,0.72)&#8220; custom_padding=&#8220;|0px||||&#8220; global_colors_info=&#8220;{}&#8220;][et_pb_column type=&#8220;1_2&#8243; _builder_version=&#8220;4.16&#8243; custom_padding=&#8220;|||&#8220; global_colors_info=&#8220;{}&#8220; custom_padding__hover=&#8220;|||&#8220;][et_pb_text admin_label=&#8220;Paul Morger&#8220; _builder_version=&#8220;4.27.0&#8243; text_font=&#8220;Lato|700|||||||&#8220; text_font_size=&#8220;30px&#8220; text_line_height=&#8220;1.8em&#8220; link_font=&#8220;||||||||&#8220; ul_font=&#8220;||||||||&#8220; ol_font=&#8220;||||||||&#8220; quote_font=&#8220;||||||||&#8220; header_font=&#8220;||||||||&#8220; header_2_font=&#8220;Lato|700|||||||&#8220; header_2_font_size=&#8220;30px&#8220; header_2_letter_spacing=&#8220;1px&#8220; header_2_line_height=&#8220;1.5em&#8220; text_orientation=&#8220;center&#8220; animation_style=&#8220;slide&#8220; animation_direction=&#8220;bottom&#8220; animation_intensity_slide=&#8220;5%&#8220; header_2_font_size_tablet=&#8220;&#8220; header_2_font_size_phone=&#8220;22px&#8220; header_2_font_size_last_edited=&#8220;on|phone&#8220; global_colors_info=&#8220;{}&#8220;]<\/p>\n<p>Horat<br \/>Innendekorationen AG<\/p>\n<h4>Bremgarten<\/h4>\n<p>[\/et_pb_text][et_pb_image src=&#8220;https:\/\/meinschlafen.ch\/wp-content\/uploads\/2024\/08\/Logo_Horat_m_Adresse-pdf.jpg&#8220; title_text=&#8220;Logo_Horat_m_Adresse&#8220; src_tablet=&#8220;https:\/\/meinschlafen.ch\/wp-content\/uploads\/2022\/03\/paul-morger-buerocenter-mit-logo.png&#8220; src_phone=&#8220;https:\/\/meinschlafen.ch\/wp-content\/uploads\/2022\/03\/paul-morger-buerocenter-mit-logo.png&#8220; src_last_edited=&#8220;on|phone&#8220; _builder_version=&#8220;4.27.0&#8243; _module_preset=&#8220;default&#8220; width=&#8220;77%&#8220; module_alignment=&#8220;center&#8220; custom_padding=&#8220;10px|10px|10px|10px|false|false&#8220; global_colors_info=&#8220;{}&#8220;][\/et_pb_image][et_pb_text _builder_version=&#8220;4.27.0&#8243; _module_preset=&#8220;default&#8220; text_font_size=&#8220;16px&#8220; text_line_height=&#8220;1.6em&#8220; header_font_size=&#8220;22px&#8220; header_3_font=&#8220;|600|||||||&#8220; header_3_font_size=&#8220;18px&#8220; text_orientation=&#8220;center&#8220; custom_padding=&#8220;20px|20px|20px|20px|false|false&#8220; global_colors_info=&#8220;{}&#8220;]<\/p>\n<h1>Gr\u00fcezi mitenand.<br \/>Herzlich willkommen bei Horat Innendekorationen AG<\/h1>\n<p><span>Wir bieten Ihnen den kompletten Service in den Gebieten Polsterei, Vorh\u00e4nge und Wohnaccessoires an. Von der Beratung bis und mit der Ausf\u00fchrung stehen wir Ihnen sehr gerne zur Verf\u00fcgung.<\/span><\/p>\n<p><span><\/span><\/p>\n<h3><a href=\"https:\/\/horat-deko.ch\/index.php\" target=\"_blank\" rel=\"noopener\" title=\"www.horat-deko.ch\">www.horat-deko.ch<\/a><\/h3>\n<p>[\/et_pb_text][\/et_pb_column][et_pb_column type=&#8220;1_2&#8243; _builder_version=&#8220;4.16&#8243; custom_padding=&#8220;|||&#8220; global_colors_info=&#8220;{}&#8220; custom_padding__hover=&#8220;|||&#8220;][et_pb_text admin_label=&#8220;Xsundsy&#8220; _builder_version=&#8220;4.21.0&#8243; text_font=&#8220;Lato|700|||||||&#8220; text_font_size=&#8220;30px&#8220; text_line_height=&#8220;1.8em&#8220; link_font=&#8220;||||||||&#8220; ul_font=&#8220;||||||||&#8220; ol_font=&#8220;||||||||&#8220; quote_font=&#8220;||||||||&#8220; header_font=&#8220;||||||||&#8220; header_2_font=&#8220;Lato|700|||||||&#8220; header_2_font_size=&#8220;30px&#8220; header_2_letter_spacing=&#8220;1px&#8220; header_2_line_height=&#8220;1.5em&#8220; text_orientation=&#8220;center&#8220; animation_style=&#8220;slide&#8220; animation_direction=&#8220;bottom&#8220; animation_intensity_slide=&#8220;5%&#8220; header_2_font_size_tablet=&#8220;&#8220; header_2_font_size_phone=&#8220;22px&#8220; header_2_font_size_last_edited=&#8220;on|phone&#8220; global_colors_info=&#8220;{}&#8220;]<\/p>\n<p style=\"text-align: center;\">Xundsy<br \/>Gibswil ZH<\/p>\n<h4>Goldingen SG<\/h4>\n<p>[\/et_pb_text][et_pb_image src=&#8220;https:\/\/meinschlafen.ch\/wp-content\/uploads\/2022\/04\/image001.jpg&#8220; title_text=&#8220;image001&#8243; align=&#8220;center&#8220; _builder_version=&#8220;4.21.0&#8243; _module_preset=&#8220;default&#8220; width=&#8220;100%&#8220; custom_padding=&#8220;10px|10px|10px|10px|false|false&#8220; global_colors_info=&#8220;{}&#8220;][\/et_pb_image][et_pb_text _builder_version=&#8220;4.27.0&#8243; _module_preset=&#8220;default&#8220; text_text_color=&#8220;#000000&#8243; text_font_size=&#8220;16px&#8220; text_line_height=&#8220;1.6em&#8220; header_3_font=&#8220;|600|||||||&#8220; header_3_font_size=&#8220;18px&#8220; text_orientation=&#8220;center&#8220; min_height=&#8220;539px&#8220; custom_padding=&#8220;8px|20px|20px|20px|false|false&#8220; global_colors_info=&#8220;{}&#8220;]<\/p>\n<p><strong>Ents\u00e4uern und Entschlacken<\/strong><\/p>\n<p><span>Die Gesundheit ist eines unserer kostbarsten G\u00fcter, die der t\u00e4glichen Pflege bed\u00fcrfen. Das Body Detox\u00ae Elektrolyse Fussbad, kann einen wertvollen Beitrag leisten, Ihr Gesundheitspotenzial zu entfalten.<o:p><\/o:p><\/span><\/p>\n<p><span>Es ist unvermeidlich, dass wir durch Umwelteinfl\u00fcsse und die Nahrung belastende Substanzen zu uns nehmen. Stress, Bewegungsmangel und die einseitige Ern\u00e4hrung belasten unseren K\u00f6rper zus\u00e4tzlich und beeintr\u00e4chtigen erheblich unseren Gesundheitszustand. Der K\u00f6rper ist nur noch beschr\u00e4nkt in der Lage, Schadstoffe auf nat\u00fcrlichem Weg auszuscheiden. Unz\u00e4hlige Studien zeigen auf, dass die daraus entstandenen St\u00f6rungen im S\u00e4ure-Basen-Haushalt zu chronischen Erkrankungen und den bekannten Zivilisationskrankheiten f\u00fchren. Body Detox\u00ae, das professionelle Elektrolyse Fussbad, kann einen wertvollen Beitrag leisten, Ihr volles Gesundheitspotenzial zu entfalten und wieder zu erlangen.<\/span><\/p>\n<p><span><\/span><\/p>\n<h3><a href=\"https:\/\/www.xundsy.ch\" target=\"_blank\" rel=\"noopener\"><span>www.xundsy.ch<\/span><\/a><\/h3>\n<p>[\/et_pb_text][\/et_pb_column][\/et_pb_row][et_pb_row _builder_version=&#8220;4.16&#8243; _module_preset=&#8220;default&#8220; global_colors_info=&#8220;{}&#8220;][et_pb_column type=&#8220;4_4&#8243; _builder_version=&#8220;4.16&#8243; _module_preset=&#8220;default&#8220; global_colors_info=&#8220;{}&#8220;][et_pb_divider color=&#8220;#0C71C3&#8243; divider_weight=&#8220;0px&#8220; _builder_version=&#8220;4.27.0&#8243; _module_preset=&#8220;default&#8220; module_alignment=&#8220;center&#8220; border_radii=&#8220;on|10px|10px|10px|10px&#8220; border_width_all=&#8220;6px&#8220; border_color_all=&#8220;#dddddd&#8220; global_colors_info=&#8220;{}&#8220;][\/et_pb_divider][\/et_pb_column][\/et_pb_row][et_pb_row column_structure=&#8220;1_2,1_2&#8243; _builder_version=&#8220;4.27.0&#8243; background_color=&#8220;rgba(237,237,237,0.61)&#8220; custom_padding=&#8220;|0px||||&#8220; global_colors_info=&#8220;{}&#8220;][et_pb_column type=&#8220;1_2&#8243; _builder_version=&#8220;4.16&#8243; custom_padding=&#8220;|||&#8220; global_colors_info=&#8220;{}&#8220; custom_padding__hover=&#8220;|||&#8220;][et_pb_text admin_label=&#8220;Ardi Coiffure&#8220; _builder_version=&#8220;4.27.0&#8243; text_font=&#8220;Lato|700|||||||&#8220; text_font_size=&#8220;30px&#8220; text_line_height=&#8220;1.8em&#8220; link_font=&#8220;||||||||&#8220; ul_font=&#8220;||||||||&#8220; ol_font=&#8220;||||||||&#8220; quote_font=&#8220;||||||||&#8220; header_font=&#8220;||||||||&#8220; header_2_font=&#8220;Lato|700|||||||&#8220; header_2_font_size=&#8220;30px&#8220; header_2_letter_spacing=&#8220;1px&#8220; header_2_line_height=&#8220;1.5em&#8220; text_orientation=&#8220;center&#8220; animation_style=&#8220;slide&#8220; animation_direction=&#8220;bottom&#8220; animation_intensity_slide=&#8220;5%&#8220; header_2_font_size_tablet=&#8220;&#8220; header_2_font_size_phone=&#8220;22px&#8220; header_2_font_size_last_edited=&#8220;on|phone&#8220; locked=&#8220;off&#8220; global_colors_info=&#8220;{}&#8220;]<\/p>\n<p>Physio<br \/>atlantico<\/p>\n<h4>Uster<\/h4>\n<p>[\/et_pb_text][et_pb_image src=&#8220;https:\/\/meinschlafen.ch\/wp-content\/uploads\/2024\/10\/Physioatlantico.png&#8220; title_text=&#8220;Physioatlantico&#8220; url=&#8220;https:\/\/physioatlantico.ch&#8220; url_new_window=&#8220;on&#8220; _builder_version=&#8220;4.27.0&#8243; _module_preset=&#8220;default&#8220; width=&#8220;94%&#8220; module_alignment=&#8220;center&#8220; custom_margin=&#8220;||||false|false&#8220; custom_padding=&#8220;10px|10px|10px|10px|false|false&#8220; global_colors_info=&#8220;{}&#8220;][\/et_pb_image][et_pb_text _builder_version=&#8220;4.27.0&#8243; _module_preset=&#8220;default&#8220; text_text_color=&#8220;#000000&#8243; text_font_size=&#8220;16px&#8220; text_line_height=&#8220;1.6em&#8220; header_3_font=&#8220;|600|||||||&#8220; header_3_font_size=&#8220;18px&#8220; text_orientation=&#8220;center&#8220; custom_padding=&#8220;20px|20px|20px|20px|false|false&#8220; global_colors_info=&#8220;{}&#8220;]<\/p>\n<p>Die Physioatlantico Praxis\u00a0bietet eine breite Palette von Physiotherapie-Dienstleistungen an, um die Bed\u00fcrfnisse ihrer Patienten optimal zu erf\u00fcllen. <br \/>In der <strong>Orthop\u00e4die<\/strong> werden spezialisierte Techniken eingesetzt, um Probleme des Bewegungsapparates wie R\u00fcckenschmerzen, Knieverletzungen und Schulterprobleme zu behandeln. Im Bereich <strong>Neurologie<\/strong> wird die Rehabilitation nach Schlaganf\u00e4llen oder anderen neurologischen Erkrankungen unterst\u00fctzt, um die motorischen F\u00e4higkeiten wiederherzustellen. Die <strong>Manual Therapie <\/strong>konzentriert sich auf die gezielte Behandlung von Gelenken und Weichteilen durch spezielle Handgriffe, um Schmerzen zu lindern und die Beweglichkeit zu verbessern. Mit E<strong>lektrotherapie\/Ultraschall<\/strong> werden nicht-invasive Methoden verwendet, um Muskelverspannungen zu l\u00f6sen und die Heilung zu f\u00f6rdern. Das <strong>Dry Needling <\/strong>ist eine Technik zur Behandlung von myofaszialen Triggerpunkten, bei der feine Nadeln in bestimmte Muskelbereiche eingestochen werden, um Verspannungen zu l\u00f6sen. Schlie\u00dflich bietet die <strong>Medizinische Trainings-Therapie<\/strong> individuell angepasste \u00dcbungsprogramme, um die k\u00f6rperliche Leistungsf\u00e4higkeit zu steigern und langfristige Gesundheit zu gew\u00e4hrleisten.<\/p>\n<p><span style=\"color: #000000;\"><a href=\"https:\/\/physioatlantico.ch\" target=\"_blank\" rel=\"noopener\" style=\"color: #000000;\"><strong>https:\/\/physioatlantico.ch\/<\/strong><\/a><\/span><\/p>\n<p>[\/et_pb_text][\/et_pb_column][et_pb_column type=&#8220;1_2&#8243; _builder_version=&#8220;4.16&#8243; custom_padding=&#8220;|||&#8220; global_colors_info=&#8220;{}&#8220; custom_padding__hover=&#8220;|||&#8220;][et_pb_text disabled_on=&#8220;on|on|on&#8220; admin_label=&#8220;Ardi Coiffure&#8220; _builder_version=&#8220;4.21.0&#8243; text_font=&#8220;Lato|700|||||||&#8220; text_font_size=&#8220;30px&#8220; text_line_height=&#8220;1.8em&#8220; link_font=&#8220;||||||||&#8220; ul_font=&#8220;||||||||&#8220; ol_font=&#8220;||||||||&#8220; quote_font=&#8220;||||||||&#8220; header_font=&#8220;||||||||&#8220; header_2_font=&#8220;Lato|700|||||||&#8220; header_2_font_size=&#8220;30px&#8220; header_2_letter_spacing=&#8220;1px&#8220; header_2_line_height=&#8220;1.5em&#8220; text_orientation=&#8220;center&#8220; animation_style=&#8220;slide&#8220; animation_direction=&#8220;bottom&#8220; animation_intensity_slide=&#8220;5%&#8220; header_2_font_size_tablet=&#8220;&#8220; header_2_font_size_phone=&#8220;22px&#8220; header_2_font_size_last_edited=&#8220;on|phone&#8220; disabled=&#8220;on&#8220; locked=&#8220;off&#8220; global_colors_info=&#8220;{}&#8220;]<\/p>\n<p>Z\u00e4nticut<br \/>Coiffure<\/p>\n<h4>Volketswil<\/h4>\n<p>[\/et_pb_text][et_pb_image src=&#8220;https:\/\/meinschlafen.ch\/wp-content\/uploads\/2023\/10\/b47b0e3204d54a93b13108b60de2f04a-b8a901f0.jpg&#8220; title_text=&#8220;b47b0e3204d54a93b13108b60de2f04a-b8a901f0&#8243; disabled_on=&#8220;on|on|on&#8220; _builder_version=&#8220;4.21.0&#8243; _module_preset=&#8220;default&#8220; width=&#8220;94%&#8220; module_alignment=&#8220;center&#8220; custom_margin=&#8220;||||false|false&#8220; custom_padding=&#8220;10px|10px|10px|10px|false|false&#8220; disabled=&#8220;on&#8220; global_colors_info=&#8220;{}&#8220;][\/et_pb_image][et_pb_text disabled_on=&#8220;on|on|on&#8220; _builder_version=&#8220;4.27.0&#8243; _module_preset=&#8220;default&#8220; text_text_color=&#8220;#000000&#8243; text_font_size=&#8220;16px&#8220; text_line_height=&#8220;1.6em&#8220; header_3_font=&#8220;|600|||||||&#8220; header_3_font_size=&#8220;18px&#8220; text_orientation=&#8220;center&#8220; custom_padding=&#8220;20px|20px|20px|20px|false|false&#8220; disabled=&#8220;on&#8220; global_colors_info=&#8220;{}&#8220;]<\/p>\n<p class=\"font_8 wixui-rich-text__text\"><span class=\"wixui-rich-text__text\">Wir sind der Ort f\u00fcr diejenigen, die einen gewagten Look, ein luxuri\u00f6ses Erlebnis und eine pers\u00f6nliche Behandlung suchen. Bei Z\u00e4nti Cut Coiffeur k\u00f6nnen Sie sicher sein, dass Sie sich wichtig und einzigartig f\u00fchlen.<\/span><span class=\"wixui-rich-text__text\"><span class=\"wixGuard wixui-rich-text__text\">\u200b<\/span><\/span><\/p>\n<p class=\"font_8 wixui-rich-text__text\"><span class=\"wixui-rich-text__text\">Unsere Stylisten bieten Ihnen jahrelange professionelle Erfahrung, die sich auf pers\u00f6nliche Beratung, trendiges Haar und erstklassigen Service konzentriert.<\/span><\/p>\n<p class=\"font_8 wixui-rich-text__text\"><span class=\"wixui-rich-text__text\">Wir sind die Meister der Bartformung und Bartkontur. Wir behandeln Ihr Gesicht mit dem Wissen und der Sorgfalt von Generationen. F\u00fchlen Sie sich wie zu Hause und besuchen Sie uns, ohne einen Termin.<\/span><\/p>\n<p class=\"font_8 wixui-rich-text__text\"><span class=\"wixui-rich-text__text\"><span class=\"wixGuard wixui-rich-text__text\">\u200b<\/span><\/span><span class=\"wixui-rich-text__text\">Unsere Hairstylisten betrachten ihr Handwerk als Kunstform und sorgen daf\u00fcr, dass Sie unsere T\u00fcren mit dem Gef\u00fchl verlassen, ein Meisterwerk zu sein.<\/span><a href=\"https:\/\/www.xn--znticutcoiffeur-0kb.ch\/\"><\/a><\/p>\n<h3 class=\"font_8 wixui-rich-text__text\"><span class=\"wixui-rich-text__text\" style=\"color: #000000;\"><a href=\"http:\/\/www.z\u00e4nticutcoiffeur.ch\" style=\"color: #000000;\">www.z\u00e4nticutcoiffeur.ch<\/a><\/span><span class=\"wixui-rich-text__text\"><\/span><\/h3>\n<p>[\/et_pb_text][\/et_pb_column][\/et_pb_row][et_pb_row _builder_version=&#8220;4.16&#8243; _module_preset=&#8220;default&#8220; custom_margin=&#8220;|auto|-30px|auto||&#8220; global_colors_info=&#8220;{}&#8220;][et_pb_column type=&#8220;4_4&#8243; _builder_version=&#8220;4.16&#8243; _module_preset=&#8220;default&#8220; global_colors_info=&#8220;{}&#8220;][et_pb_divider color=&#8220;#0C71C3&#8243; divider_weight=&#8220;0px&#8220; _builder_version=&#8220;4.27.0&#8243; _module_preset=&#8220;default&#8220; module_alignment=&#8220;center&#8220; border_radii=&#8220;on|10px|10px|10px|10px&#8220; border_width_all=&#8220;6px&#8220; border_color_all=&#8220;#dddddd&#8220; global_colors_info=&#8220;{}&#8220;][\/et_pb_divider][\/et_pb_column][\/et_pb_row][et_pb_row column_structure=&#8220;1_2,1_2&#8243; disabled_on=&#8220;on|on|on&#8220; _builder_version=&#8220;4.27.0&#8243; background_color=&#8220;rgba(244,244,244,0.66)&#8220; custom_margin=&#8220;44px|auto||auto||&#8220; disabled=&#8220;on&#8220; global_colors_info=&#8220;{}&#8220;][et_pb_column type=&#8220;1_2&#8243; _builder_version=&#8220;4.16&#8243; custom_padding=&#8220;|||&#8220; global_colors_info=&#8220;{}&#8220; custom_padding__hover=&#8220;|||&#8220;][et_pb_text admin_label=&#8220;Xsundsy&#8220; _builder_version=&#8220;4.21.0&#8243; text_font=&#8220;Lato|700|||||||&#8220; text_font_size=&#8220;30px&#8220; text_line_height=&#8220;1.8em&#8220; link_font=&#8220;||||||||&#8220; ul_font=&#8220;||||||||&#8220; ol_font=&#8220;||||||||&#8220; quote_font=&#8220;||||||||&#8220; header_font=&#8220;||||||||&#8220; header_2_font=&#8220;Lato|700|||||||&#8220; header_2_font_size=&#8220;30px&#8220; header_2_letter_spacing=&#8220;1px&#8220; header_2_line_height=&#8220;1.5em&#8220; text_orientation=&#8220;center&#8220; custom_padding=&#8220;||26px|||&#8220; animation_style=&#8220;slide&#8220; animation_direction=&#8220;bottom&#8220; animation_intensity_slide=&#8220;5%&#8220; header_2_font_size_tablet=&#8220;&#8220; header_2_font_size_phone=&#8220;22px&#8220; header_2_font_size_last_edited=&#8220;on|phone&#8220; global_colors_info=&#8220;{}&#8220;]<\/p>\n<p style=\"text-align: center;\">K\u00fcng Motos<br \/>8606 N\u00e4nikon ZH<\/p>\n<p>[\/et_pb_text][et_pb_image src=&#8220;https:\/\/meinschlafen.ch\/wp-content\/uploads\/2023\/07\/Bildschirmfoto-2023-07-14-um-11.45.08.png&#8220; title_text=&#8220;Bildschirmfoto 2023-07-14 um 11.45.08&#8243; align=&#8220;center&#8220; _builder_version=&#8220;4.21.0&#8243; _module_preset=&#8220;default&#8220; width=&#8220;83%&#8220; custom_padding=&#8220;10px|10px|10px|10px|false|false&#8220; global_colors_info=&#8220;{}&#8220;][\/et_pb_image][et_pb_text _builder_version=&#8220;4.21.0&#8243; _module_preset=&#8220;default&#8220; text_font_size=&#8220;16px&#8220; text_line_height=&#8220;1.6em&#8220; header_3_font=&#8220;|600|||||||&#8220; header_3_font_size=&#8220;18px&#8220; text_orientation=&#8220;center&#8220; custom_padding=&#8220;20px|20px|20px|20px|false|false&#8220; global_colors_info=&#8220;{}&#8220;]<\/p>\n<p><strong>Motorrad- und Velofahren mit Freude<\/strong><\/p>\n<p>Auf zwei R\u00e4dern fahren bedeutet, dass die Technik, der Service und Zuverl\u00e4ssigkeit gew\u00e4hrleistet sein m\u00fcssen! Bei K\u00fcng Motos bekommst Du nicht nur das, sondern auch ein Zweirad-Welt Service im inneren. Eine Bar f\u00fcr die Kunden gibt die M\u00f6glichkeit sich untereinander auszutauschen und die grosse Auswahlt an allem was Du brauchst, erh\u00f6ht den Mehrwert noch mehr!<\/p>\n<p>Komm vorbei und geniesse den Aufenthalt bei K\u00fcng Motos, einem langj\u00e4hrigen Unternehmen mit fester Basis und Erfahrung, weil es kommt auf jedes einzelne Rad an.<\/p>\n<p><span><\/span><\/p>\n<h3><a href=\"https:\/\/www.zweirad-sporthaus.ch\" target=\"_blank\" rel=\"noopener\">zweirad Sporthaus K\u00fcng AG<\/a><a href=\"https:\/\/www.xundsy.ch\" target=\"_blank\" rel=\"noopener\"><span><\/span><\/a><\/h3>\n<p>[\/et_pb_text][\/et_pb_column][et_pb_column type=&#8220;1_2&#8243; _builder_version=&#8220;4.16&#8243; custom_padding=&#8220;|||&#8220; global_colors_info=&#8220;{}&#8220; custom_padding__hover=&#8220;|||&#8220;][et_pb_text admin_label=&#8220;Paul Morger&#8220; _builder_version=&#8220;4.16&#8243; text_font=&#8220;Lato|700|||||||&#8220; text_font_size=&#8220;30px&#8220; text_line_height=&#8220;1.8em&#8220; link_font=&#8220;||||||||&#8220; ul_font=&#8220;||||||||&#8220; ol_font=&#8220;||||||||&#8220; quote_font=&#8220;||||||||&#8220; header_font=&#8220;||||||||&#8220; header_2_font=&#8220;Lato|700|||||||&#8220; header_2_font_size=&#8220;30px&#8220; header_2_letter_spacing=&#8220;1px&#8220; header_2_line_height=&#8220;1.5em&#8220; text_orientation=&#8220;center&#8220; animation_style=&#8220;slide&#8220; animation_direction=&#8220;bottom&#8220; animation_intensity_slide=&#8220;5%&#8220; header_2_font_size_tablet=&#8220;&#8220; header_2_font_size_phone=&#8220;22px&#8220; header_2_font_size_last_edited=&#8220;on|phone&#8220; global_colors_info=&#8220;{}&#8220;]<\/p>\n<p><span>Paul Morger<br \/>B\u00fcrocenter<\/span><\/p>\n<h4>R\u00fcti ZH<\/h4>\n<p>[\/et_pb_text][et_pb_image src=&#8220;https:\/\/meinschlafen.ch\/wp-content\/uploads\/2022\/03\/paul-morger-buerocenter-mit-logo.png&#8220; title_text=&#8220;paul morger b\u00fcrocenter mit logo&#8220; src_tablet=&#8220;https:\/\/meinschlafen.ch\/wp-content\/uploads\/2022\/03\/paul-morger-buerocenter-mit-logo.png&#8220; src_phone=&#8220;https:\/\/meinschlafen.ch\/wp-content\/uploads\/2022\/03\/paul-morger-buerocenter-mit-logo.png&#8220; src_last_edited=&#8220;on|phone&#8220; _builder_version=&#8220;4.18.0&#8243; _module_preset=&#8220;default&#8220; custom_padding=&#8220;10px|10px|10px|10px|false|false&#8220; global_colors_info=&#8220;{}&#8220;][\/et_pb_image][et_pb_text _builder_version=&#8220;4.27.0&#8243; _module_preset=&#8220;default&#8220; text_text_color=&#8220;#000000&#8243; text_font_size=&#8220;16px&#8220; text_line_height=&#8220;1.6em&#8220; header_3_font=&#8220;|600|||||||&#8220; header_3_font_size=&#8220;18px&#8220; text_orientation=&#8220;center&#8220; custom_padding=&#8220;20px|20px|20px|20px|false|false&#8220; global_colors_info=&#8220;{}&#8220;]<\/p>\n<p><span>F\u00fcr das richtige Sitzen braucht es den richtigen Stuhl. Im B\u00fcrocenter Paul Morger in R\u00fcti finden Sie genau das passende f\u00fcr Ihre Gesundheit beim Arbeiten. Zusammen mit der Erdungsauflage sitzen Sie top und leisten mehr.<\/span><\/p>\n<p><span><\/span><\/p>\n<h3><a href=\"https:\/\/www.morger.ch\" target=\"_blank\" rel=\"noopener\"><span>https:\/\/www.morger.ch<\/span><\/a><\/h3>\n<p>[\/et_pb_text][\/et_pb_column][\/et_pb_row][\/et_pb_section][et_pb_section fb_built=&#8220;1&#8243; admin_label=&#8220;Fusszeile&#8220; _builder_version=&#8220;4.27.4&#8243; _module_preset=&#8220;default&#8220; background_color=&#8220;#232323&#8243; module_alignment=&#8220;center&#8220; height=&#8220;235px&#8220; height_tablet=&#8220;&#8220; height_phone=&#8220;&#8220; height_last_edited=&#8220;on|tablet&#8220; custom_margin=&#8220;-2px|||||&#8220; custom_padding=&#8220;||93px|||&#8220; global_module=&#8220;274&#8243; global_colors_info=&#8220;{}&#8220;][et_pb_row column_structure=&#8220;1_6,1_6,1_6,1_6,1_6,1_6&#8243; _builder_version=&#8220;4.16&#8243; _module_preset=&#8220;default&#8220; global_colors_info=&#8220;{}&#8220;][et_pb_column type=&#8220;1_6&#8243; _builder_version=&#8220;4.16&#8243; _module_preset=&#8220;default&#8220; global_colors_info=&#8220;{}&#8220;][et_pb_image src=&#8220;https:\/\/meinschlafen.ch\/wp-content\/uploads\/2022\/11\/meinschlafen-logo-gold.png&#8220; title_text=&#8220;meinschlafen logo gold&#8220; _builder_version=&#8220;4.19.4&#8243; _module_preset=&#8220;default&#8220; background_color=&#8220;#000000&#8243; border_color_all=&#8220;#000000&#8243; global_colors_info=&#8220;{}&#8220;][\/et_pb_image][\/et_pb_column][et_pb_column type=&#8220;1_6&#8243; _builder_version=&#8220;4.16&#8243; _module_preset=&#8220;default&#8220; global_colors_info=&#8220;{}&#8220;][et_pb_text _builder_version=&#8220;4.27.0&#8243; _module_preset=&#8220;default&#8220; text_text_color=&#8220;#c4c4c4&#8243; text_orientation=&#8220;center&#8220; global_colors_info=&#8220;{}&#8220;]<\/p>\n<p><a href=\"https:\/\/meinschlafen.ch\/?page_id=232\">GDPR data protection<\/a><\/p>\n<p>[\/et_pb_text][\/et_pb_column][et_pb_column type=&#8220;1_6&#8243; _builder_version=&#8220;4.16&#8243; _module_preset=&#8220;default&#8220; global_colors_info=&#8220;{}&#8220;][et_pb_text admin_label=&#8220;Text&#8220; _builder_version=&#8220;4.16&#8243; _dynamic_attributes=&#8220;link_option_url&#8220; _module_preset=&#8220;default&#8220; text_text_color=&#8220;#c4c4c4&#8243; text_orientation=&#8220;center&#8220; link_option_url=&#8220;@ET-DC@eyJkeW5hbWljIjp0cnVlLCJjb250ZW50IjoicG9zdF9saW5rX3VybF9wYWdlIiwic2V0dGluZ3MiOnsicG9zdF9pZCI6IjQ1MCJ9fQ==@&#8220; global_colors_info=&#8220;{}&#8220;]<\/p>\n<p><a href=\"https:\/\/meinschlafen.ch\/?page_id=450\">Disclaimer<\/a><\/p>\n<p>[\/et_pb_text][et_pb_text _builder_version=&#8220;4.27.4&#8243; _module_preset=&#8220;default&#8220; global_colors_info=&#8220;{}&#8220;]<\/p>\n<p style=\"text-align: center;\"><a href=\"https:\/\/meinschlafen.ch\/?page_id=2426\">AGB&#8217;s<\/a><\/p>\n<p>[\/et_pb_text][\/et_pb_column][et_pb_column type=&#8220;1_6&#8243; _builder_version=&#8220;4.16&#8243; _module_preset=&#8220;default&#8220; global_colors_info=&#8220;{}&#8220;][et_pb_text _builder_version=&#8220;4.16&#8243; _module_preset=&#8220;default&#8220; text_text_color=&#8220;#c4c4c4&#8243; text_orientation=&#8220;center&#8220; global_colors_info=&#8220;{}&#8220;]<\/p>\n<p><a href=\"https:\/\/meinschlafen.ch\/?page_id=244\">Impressum<\/a><\/p>\n<p>[\/et_pb_text][et_pb_text admin_label=&#8220;Text&#8220; _builder_version=&#8220;4.16&#8243; _module_preset=&#8220;default&#8220; text_text_color=&#8220;#c4c4c4&#8243; text_orientation=&#8220;center&#8220; global_colors_info=&#8220;{}&#8220;]<\/p>\n<p><a href=\"https:\/\/meinschlafen.ch\/?page_id=23\">\u00dcber uns<\/a><\/p>\n<p>[\/et_pb_text][\/et_pb_column][et_pb_column type=&#8220;1_6&#8243; _builder_version=&#8220;4.16&#8243; _module_preset=&#8220;default&#8220; global_colors_info=&#8220;{}&#8220;][\/et_pb_column][et_pb_column type=&#8220;1_6&#8243; _builder_version=&#8220;4.16&#8243; _module_preset=&#8220;default&#8220; global_colors_info=&#8220;{}&#8220;][et_pb_text _builder_version=&#8220;4.16&#8243; _module_preset=&#8220;default&#8220; text_text_color=&#8220;#c4c4c4&#8243; text_orientation=&#8220;center&#8220; global_colors_info=&#8220;{}&#8220;]<\/p>\n<p><a href=\"https:\/\/meinschlafen.ch\/?page_id=36\">Kontakt<\/a><\/p>\n<p>[\/et_pb_text][\/et_pb_column][\/et_pb_row][\/et_pb_section]<\/p>\n","protected":false},"excerpt":{"rendered":"<p>Nur durch Teamorientierte Kooperationen k\u00f6nnen aussergew\u00f6hnliche Erfolge geschaffen werden! &#8222;Liste aller Physiotherapeuten, Masseure und mehr&#8220;Nicht wer alleine den Erfolg sucht, findet ihn, sondern derjenige, der den Erfolg durch Kooperationen, Teamwork \u00a0und Willenskraft erarbeitet.HoratInnendekorationen AG BremgartenGr\u00fcezi mitenand.Herzlich willkommen bei Horat Innendekorationen AG Wir bieten Ihnen den kompletten Service in den Gebieten Polsterei, Vorh\u00e4nge und Wohnaccessoires an. [&hellip;]<\/p>\n","protected":false},"author":1,"featured_media":0,"parent":0,"menu_order":0,"comment_status":"closed","ping_status":"closed","template":"","meta":{"_et_pb_use_builder":"on","_et_pb_old_content":"","_et_gb_content_width":"","footnotes":""},"class_list":["post-49","page","type-page","status-publish","hentry"],"_links":{"self":[{"href":"https:\/\/meinschlafen.ch\/index.php?rest_route=\/wp\/v2\/pages\/49","targetHints":{"allow":["GET"]}}],"collection":[{"href":"https:\/\/meinschlafen.ch\/index.php?rest_route=\/wp\/v2\/pages"}],"about":[{"href":"https:\/\/meinschlafen.ch\/index.php?rest_route=\/wp\/v2\/types\/page"}],"author":[{"embeddable":true,"href":"https:\/\/meinschlafen.ch\/index.php?rest_route=\/wp\/v2\/users\/1"}],"replies":[{"embeddable":true,"href":"https:\/\/meinschlafen.ch\/index.php?rest_route=%2Fwp%2Fv2%2Fcomments&post=49"}],"version-history":[{"count":60,"href":"https:\/\/meinschlafen.ch\/index.php?rest_route=\/wp\/v2\/pages\/49\/revisions"}],"predecessor-version":[{"id":2716,"href":"https:\/\/meinschlafen.ch\/index.php?rest_route=\/wp\/v2\/pages\/49\/revisions\/2716"}],"wp:attachment":[{"href":"https:\/\/meinschlafen.ch\/index.php?rest_route=%2Fwp%2Fv2%2Fmedia&parent=49"}],"curies":[{"name":"wp","href":"https:\/\/api.w.org\/{rel}","templated":true}]}}